{"id":543,"date":"2020-06-29T15:42:36","date_gmt":"2020-06-29T15:42:36","guid":{"rendered":"https:\/\/www.vilar-refrigeracio.com\/profesional\/"},"modified":"2020-07-08T11:13:34","modified_gmt":"2020-07-08T11:13:34","slug":"profesional","status":"publish","type":"page","link":"https:\/\/www.vilar-refrigeracio.com\/es\/profesional\/","title":{"rendered":"PROFESIONAL"},"content":{"rendered":"[vc_row full_width=\u00bbstretch_row_content_no_spaces\u00bb bg_type=\u00bbimage\u00bb parallax_style=\u00bbvcpb-default\u00bb bg_image_new=\u00bbid^315|url^https:\/\/www.vilar-refrigeracio.com\/wp-content\/uploads\/2020\/04\/head.jpg|caption^null|alt^null|title^head|description^null\u00bb css=\u00bb.vc_custom_1587642429904{margin-top: 0px !important;margin-bottom: 0px !important;border-bottom-width: 40px !important;padding-bottom: 0px !important;border-bottom-color: #203775 !important;border-bottom-style: solid !important;}\u00bb el_class=\u00bbfirstrow\u00bb][vc_column css=\u00bb.vc_custom_1584377467206{margin-bottom: 0px !important;padding-bottom: 0px !important;}\u00bb]<div class=\"ult-spacer spacer-69f079c3001fc\" data-id=\"69f079c3001fc\" data-height=\"215\" data-height-mobile=\"215\" data-height-tab=\"215\" data-height-tab-portrait=\"\" data-height-mobile-landscape=\"\" style=\"clear:both;display:block;\"><\/div>[\/vc_column][\/vc_row][vc_row bg_type=\u00bbbg_color\u00bb bg_color_value=\u00bb#ffffff\u00bb css=\u00bb.vc_custom_1587549331308{margin-top: 0px !important;padding-top: 0px !important;}\u00bb][vc_column width=\u00bb1\/2&#8243; css=\u00bb.vc_custom_1584377564830{margin-top: 0px !important;padding-top: 0px !important;}\u00bb]<div class=\"ult-spacer spacer-69f079c300273\" data-id=\"69f079c300273\" data-height=\"20\" data-height-mobile=\"20\" data-height-tab=\"20\" data-height-tab-portrait=\"\" data-height-mobile-landscape=\"\" style=\"clear:both;display:block;\"><\/div><div id=\"ultimate-heading-674769f079c300314\" class=\"uvc-heading ult-adjust-bottom-margin ultimate-heading-674769f079c300314 uvc-5970 \" data-hspacer=\"no_spacer\"  data-halign=\"left\" style=\"text-align:left\"><div class=\"uvc-heading-spacer no_spacer\" style=\"top\"><\/div><div class=\"uvc-main-heading ult-responsive\"  data-ultimate-target='.uvc-heading.ultimate-heading-674769f079c300314 h2'  data-responsive-json-new='{\"font-size\":\"desktop:30px;\",\"line-height\":\"desktop:38px;\"}' ><h2 style=\"font-family:&#039;Barlow&#039;;font-weight:800;color:#203775;margin-top:22px;margin-bottom:18px;\">CLIMATIZACI\u00d3N Y AIRE ACONDICIONADO PROFESIONAL<\/h2><\/div><\/div>[\/vc_column][vc_column width=\u00bb1\/2&#8243;]<div id=\"ultimate-heading-16369f079c3003a6\" class=\"uvc-heading ult-adjust-bottom-margin ultimate-heading-16369f079c3003a6 uvc-6565 \" data-hspacer=\"no_spacer\"  data-halign=\"right\" style=\"text-align:right\"><div class=\"uvc-heading-spacer no_spacer\" style=\"top\"><\/div><div class=\"uvc-main-heading ult-responsive\"  data-ultimate-target='.uvc-heading.ultimate-heading-16369f079c3003a6 h2'  data-responsive-json-new='{\"font-size\":\"desktop:90px;\",\"line-height\":\"desktop:38px;\"}' ><h2 style=\"font-family:&#039;Barlow&#039;;font-weight:300;color:#b0b0b0;margin-top:22px;margin-bottom:18px;\">03.<\/h2><\/div><\/div>[\/vc_column][vc_column]<div class=\"ult-spacer spacer-69f079c300402\" data-id=\"69f079c300402\" data-height=\"10\" data-height-mobile=\"10\" data-height-tab=\"10\" data-height-tab-portrait=\"\" data-height-mobile-landscape=\"\" style=\"clear:both;display:block;\"><\/div>[\/vc_column][\/vc_row][vc_row full_width=\u00bbstretch_row\u00bb bg_type=\u00bbbg_color\u00bb seperator_enable=\u00bbseperator_enable_value\u00bb seperator_type=\u00bbxlarge_triangle_seperator\u00bb seperator_position=\u00bbbottom_seperator\u00bb seperator_svg_height=\u00bb90&#8243; seperator_shape_background=\u00bb#ededed\u00bb bg_color_value=\u00bb#ffffff\u00bb][vc_column width=\u00bb1\/3&#8243;][vc_single_image image=\u00bb259&#8243; img_size=\u00bbfull\u00bb alignment=\u00bbcenter\u00bb css_animation=\u00bbslideInDown\u00bb css=\u00bb.vc_custom_1587630834593{margin-bottom: 0px !important;padding-bottom: 0px !important;}\u00bb]<div id=\"ultimate-heading-66669f079c300455\" class=\"uvc-heading ult-adjust-bottom-margin ultimate-heading-66669f079c300455 uvc-38 \" data-hspacer=\"no_spacer\"  data-halign=\"center\" style=\"text-align:center\"><div class=\"uvc-heading-spacer no_spacer\" style=\"top\"><\/div><div class=\"uvc-main-heading ult-responsive\"  data-ultimate-target='.uvc-heading.ultimate-heading-66669f079c300455 h2'  data-responsive-json-new='{\"font-size\":\"desktop:20px;\",\"line-height\":\"desktop:38px;\"}' ><h2 style=\"font-family:&#039;Barlow&#039;;font-weight:800;color:#203775;margin-top:0px;margin-bottom:0px;\">COMPROMISO<\/h2><\/div><\/div>[vc_column_text]\n<p style=\"text-align: justify;\">Desarrollamos <strong>todo tipo de instalaciones<\/strong> relacionadas con la climatizaci\u00f3n tanto a nivel dom\u00e9stico como industrial.<\/p>\n[\/vc_column_text][\/vc_column][vc_column width=\u00bb1\/3&#8243;][vc_single_image image=\u00bb259&#8243; img_size=\u00bbfull\u00bb alignment=\u00bbcenter\u00bb css_animation=\u00bbslideInDown\u00bb css=\u00bb.vc_custom_1587630834593{margin-bottom: 0px !important;padding-bottom: 0px !important;}\u00bb]<div id=\"ultimate-heading-489569f079c3004bb\" class=\"uvc-heading ult-adjust-bottom-margin ultimate-heading-489569f079c3004bb uvc-7394 \" data-hspacer=\"no_spacer\"  data-halign=\"center\" style=\"text-align:center\"><div class=\"uvc-heading-spacer no_spacer\" style=\"top\"><\/div><div class=\"uvc-main-heading ult-responsive\"  data-ultimate-target='.uvc-heading.ultimate-heading-489569f079c3004bb h2'  data-responsive-json-new='{\"font-size\":\"desktop:20px;\",\"line-height\":\"desktop:38px;\"}' ><h2 style=\"font-family:&#039;Barlow&#039;;font-weight:800;color:#203775;margin-top:0px;margin-bottom:0px;\">CALIDAD<\/h2><\/div><\/div>[vc_column_text]\n<p style=\"text-align: justify;\">Ofrecemos una amplia gama de productos de <strong>gran calidad y garant\u00eda<\/strong> a todos los niveles para la climatizaci\u00f3n.<\/p>\n[\/vc_column_text]<div class=\"ult-spacer spacer-69f079c30050b\" data-id=\"69f079c30050b\" data-height=\"35\" data-height-mobile=\"35\" data-height-tab=\"35\" data-height-tab-portrait=\"\" data-height-mobile-landscape=\"\" style=\"clear:both;display:block;\"><\/div>[\/vc_column][vc_column width=\u00bb1\/3&#8243;][vc_single_image image=\u00bb259&#8243; img_size=\u00bbfull\u00bb alignment=\u00bbcenter\u00bb css_animation=\u00bbslideInDown\u00bb css=\u00bb.vc_custom_1587630834593{margin-bottom: 0px !important;padding-bottom: 0px !important;}\u00bb]<div id=\"ultimate-heading-605469f079c300577\" class=\"uvc-heading ult-adjust-bottom-margin ultimate-heading-605469f079c300577 uvc-8457 \" data-hspacer=\"no_spacer\"  data-halign=\"center\" style=\"text-align:center\"><div class=\"uvc-heading-spacer no_spacer\" style=\"top\"><\/div><div class=\"uvc-main-heading ult-responsive\"  data-ultimate-target='.uvc-heading.ultimate-heading-605469f079c300577 h2'  data-responsive-json-new='{\"font-size\":\"desktop:20px;\",\"line-height\":\"desktop:38px;\"}' ><h2 style=\"font-family:&#039;Barlow&#039;;font-weight:800;color:#203775;margin-top:0px;margin-bottom:0px;\">PROFESIONALIDAD<\/h2><\/div><\/div>[vc_column_text]\n<p style=\"text-align: justify;\">Tenemos los <strong>mejores profesionales del sector<\/strong> para llevar a cabo cualquier tipo de instalaciones, reparaci\u00f3n y\/o mantenimiento en este \u00e1mbito.<\/p>\n[\/vc_column_text][\/vc_column][vc_column]<div id=\"ultimate-heading-705669f079c3005de\" class=\"uvc-heading ult-adjust-bottom-margin ultimate-heading-705669f079c3005de uvc-1143 \" data-hspacer=\"no_spacer\"  data-halign=\"center\" style=\"text-align:center\"><div class=\"uvc-heading-spacer no_spacer\" style=\"top\"><\/div><div class=\"uvc-main-heading ult-responsive\"  data-ultimate-target='.uvc-heading.ultimate-heading-705669f079c3005de h2'  data-responsive-json-new='{\"font-size\":\"desktop:18px;\",\"line-height\":\"desktop:38px;\"}' ><h2 style=\"font-family:&#039;Barlow&#039;;font-weight:800;color:#203775;margin-top:0px;margin-bottom:0px;\">SOMOS DISTRIBUIDORES OFICIALES DE:<\/h2><\/div><\/div>[vc_single_image image=\u00bb425&#8243; img_size=\u00bbfull\u00bb alignment=\u00bbcenter\u00bb css_animation=\u00bbslideInUp\u00bb]<div class=\"ult-spacer spacer-69f079c30062e\" data-id=\"69f079c30062e\" data-height=\"22\" data-height-mobile=\"22\" data-height-tab=\"22\" data-height-tab-portrait=\"\" data-height-mobile-landscape=\"\" style=\"clear:both;display:block;\"><\/div><div id=\"ultimate-heading-688769f079c30067d\" class=\"uvc-heading ult-adjust-bottom-margin ultimate-heading-688769f079c30067d uvc-9646 \" data-hspacer=\"no_spacer\"  data-halign=\"center\" style=\"text-align:center\"><div class=\"uvc-heading-spacer no_spacer\" style=\"top\"><\/div><div class=\"uvc-main-heading ult-responsive\"  data-ultimate-target='.uvc-heading.ultimate-heading-688769f079c30067d h2'  data-responsive-json-new='{\"font-size\":\"desktop:20px;\",\"line-height\":\"desktop:38px;\"}' ><h2 style=\"font-family:&#039;Barlow&#039;;font-weight:800;color:#203775;margin-top:0px;margin-bottom:0px;\">EL MEJOR SERVICIO DE PROFESIONALES<\/h2><\/div><div class=\"uvc-sub-heading ult-responsive\"  data-ultimate-target='.uvc-heading.ultimate-heading-688769f079c30067d .uvc-sub-heading '  data-responsive-json-new='{\"font-size\":\"desktop:20px;\",\"line-height\":\"desktop:38px;\"}'  style=\"font-family:&#039;Barlow&#039;;font-weight:800;color:#66a8de;margin-bottom:0px;\">\n<p style=\"text-align: center;\">PARA PROFESIONALES<\/p>\n<\/div><\/div><div class=\"ult-spacer spacer-69f079c3006d3\" data-id=\"69f079c3006d3\" data-height=\"100\" data-height-mobile=\"100\" data-height-tab=\"100\" data-height-tab-portrait=\"\" data-height-mobile-landscape=\"\" style=\"clear:both;display:block;\"><\/div>[\/vc_column][\/vc_row][vc_row full_width=\u00bbstretch_row\u00bb bg_type=\u00bbbg_color\u00bb bg_color_value=\u00bb#ededed\u00bb][vc_column width=\u00bb1\/6&#8243;][\/vc_column][vc_column width=\u00bb2\/3&#8243;]<div class=\"ult-spacer spacer-69f079c30070c\" data-id=\"69f079c30070c\" data-height=\"22\" data-height-mobile=\"22\" data-height-tab=\"22\" data-height-tab-portrait=\"\" data-height-mobile-landscape=\"\" style=\"clear:both;display:block;\"><\/div><div id=\"ultimate-heading-98969f079c30075a\" class=\"uvc-heading ult-adjust-bottom-margin ultimate-heading-98969f079c30075a uvc-3985 \" data-hspacer=\"no_spacer\"  data-halign=\"center\" style=\"text-align:center\"><div class=\"uvc-heading-spacer no_spacer\" style=\"top\"><\/div><div class=\"uvc-main-heading ult-responsive\"  data-ultimate-target='.uvc-heading.ultimate-heading-98969f079c30075a h2'  data-responsive-json-new='{\"font-size\":\"desktop:20px;\",\"line-height\":\"desktop:38px;\"}' ><h2 style=\"font-family:&#039;Barlow&#039;;font-weight:800;color:#203775;margin-top:0px;margin-bottom:0px;\">SERVICIOS<\/h2><\/div><\/div><div class=\"ult-spacer spacer-69f079c3007a8\" data-id=\"69f079c3007a8\" data-height=\"15\" data-height-mobile=\"15\" data-height-tab=\"15\" data-height-tab-portrait=\"\" data-height-mobile-landscape=\"\" style=\"clear:both;display:block;\"><\/div>[vc_column_text]\n<p style=\"text-align: justify;\">Tanto si es una <strong>peque\u00f1a, mediana o gran instalaci\u00f3n de climatizaci\u00f3n comercial<\/strong>, nuestra experiencia en el \u00e1mbito t\u00e9cnico y de servicio te encantar\u00e1. Nos adecuamos a tus necesidades concretas, con <strong>soluciones adaptadas y espec\u00edficas<\/strong>, y con una estrecha colaboraci\u00f3n contigo. Te ofrecemos compromiso, calidad y profesionalidad en aires acondicionados, climatizaci\u00f3n con sistemas inverter VRV, ventilaciones con recuperaci\u00f3n de calor, enfriadores para sistemas Fan-Coils con agua, sistemas de aerotermia, equipos compactos, extracciones, etc.<\/p>\n[\/vc_column_text][vc_separator color=\u00bbwhite\u00bb border_width=\u00bb9&#8243;][vc_column_text]\n<p style=\"text-align: justify;\">&gt; Aire Acondicionado dom\u00e9stico<br \/>\n&gt; Climatizaci\u00f3n con Sistemas Inverter VRV para oficinas y hoteles.<br \/>\n&gt; Ventilaciones con Recuperadores de Calor<br \/>\n&gt; Climatizaci\u00f3n con equipos tipos ROOFTOP para comercios de grandes superficies.<br \/>\n&gt; Enfriadores (fr\u00edo y calor) para sistemas de Fan-Coils con agua.<br \/>\n&gt; Sistemas de Aerotermia con equipos ALTHERMA de DAIKIN con cualquier combinaci\u00f3n tanto para producci\u00f3n de Agua Caliente Sanitaria como para producci\u00f3n de climatizaci\u00f3n.<br \/>\n&gt; Equipos compactos de climatizaci\u00f3n<br \/>\n&gt; Extracciones de garajes y locales comerciales.<br \/>\n&gt; Equipos partidos (SPLITS, CONDUCTAS, CASSETTE, TIERRA-TECHO)<br \/>\n&gt; Fabricaci\u00f3n y montaje de conductas en Fibra de vidrio y Chapa galvanizada.<\/p>\n[\/vc_column_text]<div class=\"ult-spacer spacer-69f079c3007dc\" data-id=\"69f079c3007dc\" data-height=\"22\" data-height-mobile=\"22\" data-height-tab=\"22\" data-height-tab-portrait=\"\" data-height-mobile-landscape=\"\" style=\"clear:both;display:block;\"><\/div><div class=\" vc_custom_1593514296411 ubtn-ctn-center \"><a class=\"ubtn-link ult-adjust-bottom-margin ubtn-center ubtn-custom \" href=\"mailto:info@vilar-refrigeracio.com?subject=Climatizaci\u00f3n profesional\" ><button type=\"button\" id=\"ubtn-3840\"  class=\"ubtn ult-adjust-bottom-margin ult-responsive ubtn-custom ubtn-no-hover-bg  none  ubtn-center   tooltip-69f079c300836\"  data-hover=\"#ffffff\" data-border-color=\"#203775\" data-bg=\"rgba(224,224,224,0.01)\" data-hover-bg=\"#203775\" data-border-hover=\"\" data-shadow-hover=\"\" data-shadow-click=\"none\" data-shadow=\"\" data-shd-shadow=\"\"  data-ultimate-target='#ubtn-3840'  data-responsive-json-new='{\"font-size\":\"desktop:16px;\",\"line-height\":\"\"}'  style=\"font-family:&#039;Barlow&#039;;font-weight:700;width:220px;min-height:50px;padding:px px;border-radius:0px;border-width:1px;border-color:#203775;border-style:solid;background: rgba(224,224,224,0.01);color: #203775;\"><span class=\"ubtn-hover\" style=\"background-color:#203775\"><\/span><span class=\"ubtn-data ubtn-text \" >PIDE INFORMACI\u00d3N<\/span><\/button><\/a><\/div><div class=\"ult-spacer spacer-69f079c30093f\" data-id=\"69f079c30093f\" data-height=\"45\" data-height-mobile=\"45\" data-height-tab=\"45\" data-height-tab-portrait=\"\" data-height-mobile-landscape=\"\" style=\"clear:both;display:block;\"><\/div>[\/vc_column][vc_column width=\u00bb1\/6&#8243;][\/vc_column][\/vc_row][vc_row full_width=\u00bbstretch_row\u00bb bg_type=\u00bbimage\u00bb parallax_style=\u00bbvcpb-vz-jquery\u00bb bg_image_new=\u00bbid^406|url^https:\/\/www.vilar-refrigeracio.com\/wp-content\/uploads\/2020\/05\/vilar-refrigeracio-professional.jpg|caption^null|alt^null|title^vilar-refrigeracio-professional|description^null\u00bb bg_image_repeat=\u00bbno-repeat\u00bb css=\u00bb.vc_custom_1590481881737{border-bottom-width: 50px !important;border-bottom-color: #363636 !important;border-bottom-style: solid !important;}\u00bb][vc_column css=\u00bb.vc_custom_1587471387755{margin-top: 10px !important;margin-bottom: 12px !important;padding-top: 0px !important;padding-bottom: 0px !important;}\u00bb]<div class=\"ult-spacer spacer-69f079c300977\" data-id=\"69f079c300977\" data-height=\"300\" data-height-mobile=\"300\" data-height-tab=\"300\" data-height-tab-portrait=\"\" data-height-mobile-landscape=\"\" style=\"clear:both;display:block;\"><\/div>[\/vc_column][\/vc_row][vc_row][vc_column width=\u00bb1\/3&#8243;][\/vc_column][vc_column width=\u00bb1\/3&#8243;]<div class=\"ult-spacer spacer-69f079c3009aa\" data-id=\"69f079c3009aa\" data-height=\"22\" data-height-mobile=\"22\" data-height-tab=\"22\" data-height-tab-portrait=\"\" data-height-mobile-landscape=\"\" style=\"clear:both;display:block;\"><\/div><div id=\"ultimate-heading-612769f079c3009fc\" class=\"uvc-heading ult-adjust-bottom-margin ultimate-heading-612769f079c3009fc uvc-1691 \" data-hspacer=\"no_spacer\"  data-halign=\"center\" style=\"text-align:center\"><div class=\"uvc-heading-spacer no_spacer\" style=\"top\"><\/div><div class=\"uvc-main-heading ult-responsive\"  data-ultimate-target='.uvc-heading.ultimate-heading-612769f079c3009fc h2'  data-responsive-json-new='{\"font-size\":\"desktop:20px;\",\"line-height\":\"desktop:38px;\"}' ><h2 style=\"font-family:&#039;Barlow&#039;;font-weight:800;color:#203775;margin-top:0px;margin-bottom:0px;\">PROYECTOS<\/h2><\/div><\/div>[\/vc_column][vc_column width=\u00bb1\/3&#8243;]<div class=\" ubtn-ctn-right \"><a class=\"ubtn-link ult-adjust-bottom-margin ubtn-right ubtn-custom \" href=\"https:\/\/www.vilar-refrigeracio.com\/es\/proyectos\/\" ><button type=\"button\" id=\"ubtn-5671\"  class=\"ubtn ult-adjust-bottom-margin ult-responsive ubtn-custom ubtn-no-hover-bg  none  ubtn-right   tooltip-69f079c300a60\"  data-hover=\"#ffffff\" data-border-color=\"#203775\" data-bg=\"rgba(224,224,224,0.01)\" data-hover-bg=\"#203775\" data-border-hover=\"\" data-shadow-hover=\"\" data-shadow-click=\"none\" data-shadow=\"\" data-shd-shadow=\"\"  data-ultimate-target='#ubtn-5671'  data-responsive-json-new='{\"font-size\":\"desktop:16px;\",\"line-height\":\"\"}'  style=\"font-family:&#039;Barlow&#039;;font-weight:700;width:220px;min-height:50px;padding:px px;border-radius:0px;border-width:1px;border-color:#203775;border-style:solid;background: rgba(224,224,224,0.01);color: #203775;\"><span class=\"ubtn-hover\" style=\"background-color:#203775\"><\/span><span class=\"ubtn-data ubtn-text \" >VER TODO<\/span><\/button><\/a><\/div>[\/vc_column][vc_column][vc_raw_html]W2Vzc19ncmlkIGFsaWFzPSJwcm9qZWN0ZXMiXQ==[\/vc_raw_html]<div class=\"ult-spacer spacer-69f079c300ad3\" data-id=\"69f079c300ad3\" data-height=\"30\" data-height-mobile=\"30\" data-height-tab=\"30\" data-height-tab-portrait=\"\" data-height-mobile-landscape=\"\" style=\"clear:both;display:block;\"><\/div>[\/vc_column][\/vc_row]\n","protected":false},"excerpt":{"rendered":"<p>[vc_row full_width=\u00bbstretch_row_content_no_spaces\u00bb bg_type=\u00bbimage\u00bb parallax_style=\u00bbvcpb-default\u00bb bg_image_new=\u00bbid^315|url^https:\/\/www.vilar-refrigeracio.com\/wp-content\/uploads\/2020\/04\/head.jpg|caption^null|alt^null|title^head|description^null\u00bb css=\u00bb.vc_custom_1587642429904{margin-top: 0px !important;margin-bottom: 0px !important;border-bottom-width: 40px !important;padding-bottom: 0px !important;border-bottom-color: #203775 !important;border-bottom-style: solid !important;}\u00bb el_class=\u00bbfirstrow\u00bb][vc_column css=\u00bb.vc_custom_1584377467206{margin-bottom: 0px !important;padding-bottom: 0px !important;}\u00bb][\/vc_column][\/vc_row][vc_row bg_type=\u00bbbg_color\u00bb bg_color_value=\u00bb#ffffff\u00bb css=\u00bb.vc_custom_1587549331308{margin-top: 0px !important;padding-top: 0px !important;}\u00bb][vc_column width=\u00bb1\/2&#8243; css=\u00bb.vc_custom_1584377564830{margin-top: 0px !important;padding-top: 0px !important;}\u00bb][\/vc_column][vc_column width=\u00bb1\/2&#8243;][\/vc_column][vc_column][\/vc_column][\/vc_row][vc_row full_width=\u00bbstretch_row\u00bb bg_type=\u00bbbg_color\u00bb seperator_enable=\u00bbseperator_enable_value\u00bb seperator_type=\u00bbxlarge_triangle_seperator\u00bb seperator_position=\u00bbbottom_seperator\u00bb seperator_svg_height=\u00bb90&#8243; seperator_shape_background=\u00bb#ededed\u00bb bg_color_value=\u00bb#ffffff\u00bb][vc_column width=\u00bb1\/3&#8243;][vc_single_image image=\u00bb259&#8243; img_size=\u00bbfull\u00bb alignment=\u00bbcenter\u00bb css_animation=\u00bbslideInDown\u00bb css=\u00bb.vc_custom_1587630834593{margin-bottom: 0px !important;padding-bottom: 0px !important;}\u00bb][vc_column_text] Desarrollamos todo tipo de instalaciones relacionadas con la climatizaci\u00f3n tanto a nivel dom\u00e9stico como industrial. [\/vc_column_text][\/vc_column][vc_column width=\u00bb1\/3&#8243;][vc_single_image image=\u00bb259&#8243; img_size=\u00bbfull\u00bb alignment=\u00bbcenter\u00bb css_animation=\u00bbslideInDown\u00bb css=\u00bb.vc_custom_1587630834593{margin-bottom: 0px !important;padding-bottom: 0px !important;}\u00bb][vc_column_text] Ofrecemos una amplia gama de productos de gran calidad y garant\u00eda a todos los niveles para la climatizaci\u00f3n. [\/vc_column_text][\/vc_column][vc_column width=\u00bb1\/3&#8243;][vc_single_image image=\u00bb259&#8243; img_size=\u00bbfull\u00bb alignment=\u00bbcenter\u00bb css_animation=\u00bbslideInDown\u00bb css=\u00bb.vc_custom_1587630834593{margin-bottom: 0px !important;padding-bottom: 0px !important;}\u00bb][vc_column_text] Tenemos los mejores profesionales del sector para llevar a cabo cualquier tipo de instalaciones, reparaci\u00f3n y\/o mantenimiento en este \u00e1mbito. [\/vc_column_text][\/vc_column][vc_column][vc_single_image image=\u00bb425&#8243; img_size=\u00bbfull\u00bb alignment=\u00bbcenter\u00bb css_animation=\u00bbslideInUp\u00bb][\/vc_column][\/vc_row][vc_row full_width=\u00bbstretch_row\u00bb bg_type=\u00bbbg_color\u00bb bg_color_value=\u00bb#ededed\u00bb][vc_column width=\u00bb1\/6&#8243;][\/vc_column][vc_column width=\u00bb2\/3&#8243;][vc_column_text] Tanto si es una peque\u00f1a, mediana o gran instalaci\u00f3n de climatizaci\u00f3n comercial, nuestra experiencia en el \u00e1mbito t\u00e9cnico y de servicio te encantar\u00e1. Nos adecuamos a tus necesidades concretas, con soluciones adaptadas y espec\u00edficas, y con una estrecha colaboraci\u00f3n contigo. Te ofrecemos compromiso, calidad y profesionalidad en aires acondicionados, climatizaci\u00f3n con sistemas inverter VRV, ventilaciones con recuperaci\u00f3n de calor, enfriadores para sistemas Fan-Coils con agua, sistemas de aerotermia, equipos compactos, extracciones, etc. [\/vc_column_text][vc_separator color=\u00bbwhite\u00bb border_width=\u00bb9&#8243;][vc_column_text] &gt; Aire Acondicionado dom\u00e9stico &gt; Climatizaci\u00f3n con Sistemas Inverter VRV para oficinas y hoteles. &gt; Ventilaciones con Recuperadores de Calor &gt; Climatizaci\u00f3n con equipos tipos ROOFTOP para comercios de grandes superficies. &gt; Enfriadores (fr\u00edo y calor) para sistemas de Fan-Coils con agua. &gt; Sistemas de Aerotermia con equipos ALTHERMA de DAIKIN con cualquier combinaci\u00f3n tanto para producci\u00f3n de Agua Caliente Sanitaria como para producci\u00f3n de climatizaci\u00f3n. &gt; Equipos compactos de climatizaci\u00f3n &gt; Extracciones de garajes y locales comerciales. &gt; Equipos partidos (SPLITS, CONDUCTAS, CASSETTE, TIERRA-TECHO) &gt; Fabricaci\u00f3n y montaje de conductas en Fibra de vidrio y Chapa galvanizada. [\/vc_column_text][\/vc_column][vc_column width=\u00bb1\/6&#8243;][\/vc_column][\/vc_row][vc_row full_width=\u00bbstretch_row\u00bb bg_type=\u00bbimage\u00bb parallax_style=\u00bbvcpb-vz-jquery\u00bb bg_image_new=\u00bbid^406|url^https:\/\/www.vilar-refrigeracio.com\/wp-content\/uploads\/2020\/05\/vilar-refrigeracio-professional.jpg|caption^null|alt^null|title^vilar-refrigeracio-professional|description^null\u00bb bg_image_repeat=\u00bbno-repeat\u00bb css=\u00bb.vc_custom_1590481881737{border-bottom-width: 50px !important;border-bottom-color: #363636 !important;border-bottom-style: solid !important;}\u00bb][vc_column css=\u00bb.vc_custom_1587471387755{margin-top: 10px !important;margin-bottom: 12px !important;padding-top: 0px !important;padding-bottom: 0px !important;}\u00bb][\/vc_column][\/vc_row][vc_row][vc_column width=\u00bb1\/3&#8243;][\/vc_column][vc_column width=\u00bb1\/3&#8243;][\/vc_column][vc_column width=\u00bb1\/3&#8243;][\/vc_column][vc_column][vc_raw_html]W2Vzc19ncmlkIGFsaWFzPSJwcm9qZWN0ZXMiXQ==[\/vc_raw_html][\/vc_column][\/vc_row]<\/p>\n","protected":false},"author":1,"featured_media":0,"parent":0,"menu_order":0,"comment_status":"closed","ping_status":"closed","template":"","meta":{"footnotes":""},"_links":{"self":[{"href":"https:\/\/www.vilar-refrigeracio.com\/es\/wp-json\/wp\/v2\/pages\/543"}],"collection":[{"href":"https:\/\/www.vilar-refrigeracio.com\/es\/wp-json\/wp\/v2\/pages"}],"about":[{"href":"https:\/\/www.vilar-refrigeracio.com\/es\/wp-json\/wp\/v2\/types\/page"}],"author":[{"embeddable":true,"href":"https:\/\/www.vilar-refrigeracio.com\/es\/wp-json\/wp\/v2\/users\/1"}],"replies":[{"embeddable":true,"href":"https:\/\/www.vilar-refrigeracio.com\/es\/wp-json\/wp\/v2\/comments?post=543"}],"version-history":[{"count":3,"href":"https:\/\/www.vilar-refrigeracio.com\/es\/wp-json\/wp\/v2\/pages\/543\/revisions"}],"predecessor-version":[{"id":623,"href":"https:\/\/www.vilar-refrigeracio.com\/es\/wp-json\/wp\/v2\/pages\/543\/revisions\/623"}],"wp:attachment":[{"href":"https:\/\/www.vilar-refrigeracio.com\/es\/wp-json\/wp\/v2\/media?parent=543"}],"curies":[{"name":"wp","href":"https:\/\/api.w.org\/{rel}","templated":true}]}}